{"id":4568,"date":"2024-03-07T09:22:16","date_gmt":"2024-03-07T08:22:16","guid":{"rendered":"https:\/\/debesto.com\/joinus\/?post_type=oferty-pracy&#038;p=4568"},"modified":"2025-12-22T15:32:39","modified_gmt":"2025-12-22T14:32:39","slug":"visual-communications-manager","status":"publish","type":"oferty-pracy","link":"https:\/\/debesto.com\/joinus\/oferty-pracy\/visual-communications-manager\/","title":{"rendered":"Visual Communications Manager"},"content":{"rendered":"\n<h2 class=\"wp-block-heading\"><strong>Jako Visual Communications Manager w debesto.com:<\/strong><\/h2>\n\n\n\n<ul class=\"wp-block-list\">\n<li>tworzysz, utrzymujesz i egzekwujesz sp\u00f3jny i \u0142atwy w u\u017cyciu design system we wszystkich obszarach komunikacji marki<\/li>\n\n\n\n<li>projektujesz wizualizacje (w tym tre\u015bci wideo, grafiki i inne materia\u0142y multimedialne), pomagaj\u0105ce w prosty intelektualnie spos\u00f3b wyja\u015bni\u0107 z\u0142o\u017cone koncepcje i procesy<\/li>\n\n\n\n<li>tworzysz warstw\u0119 wizualn\u0105 do tre\u015bci content marketingowych tak\u0105 jak infografiki, key visuale, wizualizacje<\/li>\n\n\n\n<li>pomagasz w tworzeniu layout\u00f3w i element\u00f3w graficznych na stronie, oraz zatwierdzasz uk\u0142ady graficzne na stronach internetowych i innych mediach cyfrowych<\/li>\n\n\n\n<li>odpowiadasz za wsparcie employer brandingu, projektuj\u0105c gad\u017cety, grafiki cyfrowe i poligrafi\u0119<\/li>\n\n\n\n<li>wsp\u00f3\u0142pracujesz z zespo\u0142ami IT i agencjami marketingowymi w zakresie komunikacji wizualnej<\/li>\n\n\n\n<li>opracowujesz materia\u0142y wizualne dla potrzeb wewn\u0119trznych (np. materia\u0142y szkoleniowe, stopki mailowe)<\/li>\n\n\n\n<li>dbasz o ci\u0105g\u0142e doskonalenie ofert handlowych, katalog\u00f3w i materia\u0142\u00f3w promocyjnych<\/li>\n<\/ul>\n\n\n\n<h2 class=\"wp-block-heading\">Do\u0142\u0105cz do nas je\u017celi: <\/h2>\n\n\n\n<ul class=\"wp-block-list\">\n<li>zarz\u0105dza\u0142e\u015b\/\u0142a\u015b ka\u017cdym aspektem designu i komunikacji wizualnej organizacji przez\u00a0<strong>co najmniej 2 lata<\/strong><\/li>\n\n\n\n<li>potrafisz bada\u0107 potrzeby usera- masz na to sprawdzone sposoby briefy, warsztaty, inne narz\u0119dzia<\/li>\n\n\n\n<li>potrafisz w prosty spos\u00f3b przekaza\u0107 obrazem skomplikowane informacje<\/li>\n\n\n\n<li>masz do\u015bwiadczenie w pracy z atomic design system<\/li>\n\n\n\n<li>potrafisz udokumentowa\u0107 sw\u00f3j spos\u00f3b na zarz\u0105dzanie zasobami graficznymi tak, by by\u0142y \u0142atwo dost\u0119pne dla wszystkich departament\u00f3w firmy z poziomu Google Drive, Sharepoint, Wikipedia<\/li>\n\n\n\n<li>masz na koncie projekty zako\u0144czone sukcesem<\/li>\n\n\n\n<li>masz do\u015bwiadczenie w realizacji poligrafii, gad\u017cet\u00f3w i outdooru<\/li>\n\n\n\n<li>koordynowa\u0142e\u015b\/\u0142a\u015b projekty z firmami zewn\u0119trznymi pod k\u0105tem designu i komunikacji wizualnej, np. filmy, prezentacje, strony www, oraz wsp\u00f3\u0142pracowa\u0142e\u015b\/\u0142a\u015b z UX Designerami i dzia\u0142ami IT<\/li>\n\n\n\n<li>swobodnie komunikujesz si\u0119 w j\u0119zyku angielskim (B2\/C1)<\/li>\n\n\n\n<li>masz na swoim koncie szkolenia i kursy potwierdzone certyfikatami w projektowaniu wizualnym<\/li>\n\n\n\n<li>jeste\u015b gotowy\/gotowa na<strong>\u00a0min. 6 tygodniowy onboarding stacjonarnie<\/strong>\u00a0w naszym biurze w Ole\u015bnicy, a po okresie wdro\u017cenia\u00a0<strong>prac\u0119 w biurze minimum 3 razy w tygodniu<\/strong><\/li>\n<\/ul>\n\n\n\n<h2 class=\"wp-block-heading\"><strong>Co oferujemy poza wynagrodzeniem:<\/strong><\/h2>\n\n\n\n<ul class=\"wp-block-list\">\n<li>udzia\u0142 w budowie firmy b\u0119d\u0105cej <strong>najg\u0142o\u015bniejszym startupem bran\u017cy okiennej wspartej milionowymi \u015brodkami od inwestor\u00f3w<\/strong><\/li>\n\n\n\n<li>\u015brodowisko ludzi jaraj\u0105cych si\u0119 technologi\u0105, AI i automatyzacj\u0105<\/li>\n\n\n\n<li><strong>elastyczny czas pracy<\/strong> &#8211; w przedziale 6.00 &#8211; 24.00<\/li>\n\n\n\n<li>mo\u017cliwo\u015b\u0107 korzystania z <strong>kr\u00f3tkich nieobecno\u015bci<\/strong> w trakcie pracy<\/li>\n\n\n\n<li>dofinansowanie w szkoleniach i kursach, np: First-time Manager by ICAN Institute, Business Development Mastery by IRSM i wiele innych<\/li>\n\n\n\n<li><strong>jasno okre\u015blone mo\u017cliwo\u015bci awansu <\/strong>na \u015bcie\u017cce menad\u017cera lub specjalisty<\/li>\n\n\n\n<li>dost\u0119p do <strong>firmowej biblioteki<\/strong> z pras\u0105, ksi\u0105\u017ckami, ebookami, kt\u00f3re polecamy bo (tu uwaga!) przeczytali\u015bmy \ud83d\ude42<\/li>\n\n\n\n<li>cz\u0119ste spotkania integracyjne<\/li>\n<\/ul>\n\n\n\n<h2 class=\"wp-block-heading\"><strong>Zrobisz na nas naprawd\u0119 du\u017ce wra\u017cenie je\u017celi:<\/strong><\/h2>\n\n\n\n<ul class=\"wp-block-list\">\n<li>umiesz projektowa\u0107 w 3D&nbsp;<\/li>\n\n\n\n<li>znasz podstawy fotografii i wideo, w tym o\u015bwietlenia i kompozycji<\/li>\n\n\n\n<li>wsp\u00f3\u0142pracowa\u0142e\u015b\/\u0142a\u015b z systemami zarz\u0105dzania tre\u015bci\u0105 na stronach (CMS), landing pages i <strong>platformami do automatyzacji <\/strong>w celu publikacji i zarz\u0105dzania tre\u015bciami np. w social media<\/li>\n\n\n\n<li>masz do\u015bwiadczenie w zarz\u0105dzaniu zespo\u0142em projektowym, koordynacji prac oraz mentoringu i rozwijaniu m\u0142odszych cz\u0142onk\u00f3w zespo\u0142u<\/li>\n\n\n\n<li>interesujesz si\u0119 AI i nowymi technologiami i masz do\u015bwiadczenie w ich wykorzystaniu<\/li>\n\n\n\n<li><strong>samodzielnie<\/strong> stworzy\u0142e\u015b\/\u0142a\u015b kilka atomic design system\u00f3w&nbsp;<\/li>\n\n\n\n<li>mo\u017cesz pochwali\u0107 si\u0119 wykszta\u0142ceniem wy\u017cszym na kierunku zwi\u0105zanym z projektowaniem graficznym, komunikacj\u0105 wizualn\u0105, mediami cyfrowymi<\/li>\n<\/ul>\n\n\n\n<h2 class=\"wp-block-heading\">Co Ci\u0119 czeka w naszym procesie rekrutacyjnym?<\/h2>\n\n\n\n<p>1. Wype\u0142nij formularz na #joindebesto.<\/p>\n\n\n\n<p>2. Wype\u0142nij formularz wsp\u00f3lnego dopasowania- Gform, kt\u00f3ry dostaniesz w odpowiedzi.&nbsp;<\/p>\n\n\n\n<p>3. I Video call z rekruterk\u0105 i liderem Twojego przysz\u0142ego teamu- odpowiemy na Twoje pytania.<\/p>\n\n\n\n<p>4. II Video call- zapytamy Ci\u0119 o informacje brakuj\u0105ce do zaproszenia na Audyt.<\/p>\n\n\n\n<p>5. Refinansowany dwudniowy Audyt &#8211; zobacz, jak si\u0119 u nas czujesz i razem z zespo\u0142em debesto oce\u0144 ostatecznie, czy warto do nas do\u0142\u0105czy\u0107.<\/p>\n","protected":false},"featured_media":0,"menu_order":0,"template":"","meta":{"site-sidebar-layout":"default","site-content-layout":"","ast-site-content-layout":"default","site-content-style":"default","site-sidebar-style":"default","ast-global-header-display":"","ast-banner-title-visibility":"","ast-main-header-display":"","ast-hfb-above-header-display":"","ast-hfb-below-header-display":"","ast-hfb-mobile-header-display":"","site-post-title":"","ast-breadcrumbs-content":"","ast-featured-img":"","footer-sml-layout":"","theme-transparent-header-meta":"","adv-header-id-meta":"","stick-header-meta":"","header-above-stick-meta":"","header-main-stick-meta":"","header-below-stick-meta":"","astra-migrate-meta-layouts":"set","ast-page-background-enabled":"default","ast-page-background-meta":{"desktop":{"background-color":"var(--ast-global-color-4)","background-image":"","background-repeat":"repeat","background-position":"center center","background-size":"auto","background-attachment":"scroll","background-type":"","background-media":"","overlay-type":"","overlay-color":"","overlay-opacity":"","overlay-gradient":""},"tablet":{"background-color":"","background-image":"","background-repeat":"repeat","background-position":"center center","background-size":"auto","background-attachment":"scroll","background-type":"","background-media":"","overlay-type":"","overlay-color":"","overlay-opacity":"","overlay-gradient":""},"mobile":{"background-color":"","background-image":"","background-repeat":"repeat","background-position":"center center","background-size":"auto","background-attachment":"scroll","background-type":"","background-media":"","overlay-type":"","overlay-color":"","overlay-opacity":"","overlay-gradient":""}},"ast-content-background-meta":{"desktop":{"background-color":"var(--ast-global-color-5)","background-image":"","background-repeat":"repeat","background-position":"center center","background-size":"auto","background-attachment":"scroll","background-type":"","background-media":"","overlay-type":"","overlay-color":"","overlay-opacity":"","overlay-gradient":""},"tablet":{"background-color":"var(--ast-global-color-5)","background-image":"","background-repeat":"repeat","background-position":"center center","background-size":"auto","background-attachment":"scroll","background-type":"","background-media":"","overlay-type":"","overlay-color":"","overlay-opacity":"","overlay-gradient":""},"mobile":{"background-color":"var(--ast-global-color-5)","background-image":"","background-repeat":"repeat","background-position":"center center","background-size":"auto","background-attachment":"scroll","background-type":"","background-media":"","overlay-type":"","overlay-color":"","overlay-opacity":"","overlay-gradient":""}}},"kategorie_ofert":[8],"nasze_dzialy":[18],"class_list":["post-4568","oferty-pracy","type-oferty-pracy","status-publish","hentry","kategorie_ofert-oferty-pracy","nasze_dzialy-marketing"],"acf":[],"aioseo_notices":[],"yoast_head":"<!-- This site is optimized with the Yoast SEO plugin v23.2 - https:\/\/yoast.com\/wordpress\/plugins\/seo\/ -->\n<title>Visual Communications Manager | Praca Ole\u015bnica | #joindebesto<\/title>\n<meta name=\"description\" content=\"Poszukujemy do\u015bwiadczonej i pe\u0142nej pasji osoby, kt\u00f3ra przejmie ca\u0142kowit\u0105 odpowiedzialno\u015b\u0107 za obszar komunikacji wizualnej debesto i zadba o jej sp\u00f3jno\u015b\u0107 i atrakcyjno\u015b\u0107 dla klient\u00f3w, pracownik\u00f3w i dostawc\u00f3w.\" \/>\n<meta name=\"robots\" content=\"index, follow, max-snippet:-1, max-image-preview:large, max-video-preview:-1\" \/>\n<link rel=\"canonical\" href=\"https:\/\/debesto.com\/joinus\/oferty-pracy\/visual-communications-manager\/\" \/>\n<meta property=\"og:locale\" content=\"pl_PL\" \/>\n<meta property=\"og:type\" content=\"article\" \/>\n<meta property=\"og:title\" content=\"Visual Communications Manager | Praca Ole\u015bnica | #joindebesto\" \/>\n<meta property=\"og:description\" content=\"Poszukujemy do\u015bwiadczonej i pe\u0142nej pasji osoby, kt\u00f3ra przejmie ca\u0142kowit\u0105 odpowiedzialno\u015b\u0107 za obszar komunikacji wizualnej debesto i zadba o jej sp\u00f3jno\u015b\u0107 i atrakcyjno\u015b\u0107 dla klient\u00f3w, pracownik\u00f3w i dostawc\u00f3w.\" \/>\n<meta property=\"og:url\" content=\"https:\/\/debesto.com\/joinus\/oferty-pracy\/visual-communications-manager\/\" \/>\n<meta property=\"og:site_name\" content=\"Ambitna praca w Ole\u015bnicy\" \/>\n<meta property=\"article:modified_time\" content=\"2025-12-22T14:32:39+00:00\" \/>\n<meta name=\"twitter:card\" content=\"summary_large_image\" \/>\n<meta name=\"twitter:label1\" content=\"Szacowany czas czytania\" \/>\n\t<meta name=\"twitter:data1\" content=\"4 minuty\" \/>\n<script type=\"application\/ld+json\" class=\"yoast-schema-graph\">{\"@context\":\"https:\/\/schema.org\",\"@graph\":[{\"@type\":\"WebPage\",\"@id\":\"https:\/\/debesto.com\/joinus\/oferty-pracy\/visual-communications-manager\/\",\"url\":\"https:\/\/debesto.com\/joinus\/oferty-pracy\/visual-communications-manager\/\",\"name\":\"Visual Communications Manager | Praca Ole\u015bnica | #joindebesto\",\"isPartOf\":{\"@id\":\"https:\/\/debesto.com\/joinus\/#website\"},\"datePublished\":\"2024-03-07T08:22:16+00:00\",\"dateModified\":\"2025-12-22T14:32:39+00:00\",\"description\":\"Poszukujemy do\u015bwiadczonej i pe\u0142nej pasji osoby, kt\u00f3ra przejmie ca\u0142kowit\u0105 odpowiedzialno\u015b\u0107 za obszar komunikacji wizualnej debesto i zadba o jej sp\u00f3jno\u015b\u0107 i atrakcyjno\u015b\u0107 dla klient\u00f3w, pracownik\u00f3w i dostawc\u00f3w.\",\"breadcrumb\":{\"@id\":\"https:\/\/debesto.com\/joinus\/oferty-pracy\/visual-communications-manager\/#breadcrumb\"},\"inLanguage\":\"pl-PL\",\"potentialAction\":[{\"@type\":\"ReadAction\",\"target\":[\"https:\/\/debesto.com\/joinus\/oferty-pracy\/visual-communications-manager\/\"]}]},{\"@type\":\"BreadcrumbList\",\"@id\":\"https:\/\/debesto.com\/joinus\/oferty-pracy\/visual-communications-manager\/#breadcrumb\",\"itemListElement\":[{\"@type\":\"ListItem\",\"position\":1,\"name\":\"Strona g\u0142\u00f3wna\",\"item\":\"https:\/\/debesto.com\/joinus\/\"},{\"@type\":\"ListItem\",\"position\":2,\"name\":\"oferty pracy\",\"item\":\"https:\/\/debesto.com\/joinus\/oferty-pracy\/\"},{\"@type\":\"ListItem\",\"position\":3,\"name\":\"marketing\",\"item\":\"https:\/\/debesto.com\/joinus\/nasze-dzialy\/marketing\/\"},{\"@type\":\"ListItem\",\"position\":4,\"name\":\"Visual Communications Manager\"}]},{\"@type\":\"WebSite\",\"@id\":\"https:\/\/debesto.com\/joinus\/#website\",\"url\":\"https:\/\/debesto.com\/joinus\/\",\"name\":\"Praca Ole\u015bnica | #joindebesto\",\"description\":\"#joindebesto\",\"publisher\":{\"@id\":\"https:\/\/debesto.com\/joinus\/#organization\"},\"potentialAction\":[{\"@type\":\"SearchAction\",\"target\":{\"@type\":\"EntryPoint\",\"urlTemplate\":\"https:\/\/debesto.com\/joinus\/?s={search_term_string}\"},\"query-input\":\"required name=search_term_string\"}],\"inLanguage\":\"pl-PL\"},{\"@type\":\"Organization\",\"@id\":\"https:\/\/debesto.com\/joinus\/#organization\",\"name\":\"Praca Ole\u015bnica | #joindebesto\",\"url\":\"https:\/\/debesto.com\/joinus\/\",\"logo\":{\"@type\":\"ImageObject\",\"inLanguage\":\"pl-PL\",\"@id\":\"https:\/\/debesto.com\/joinus\/#\/schema\/logo\/image\/\",\"url\":\"https:\/\/debesto.com\/joinus\/wp-content\/uploads\/2022\/08\/logo-white.svg\",\"contentUrl\":\"https:\/\/debesto.com\/joinus\/wp-content\/uploads\/2022\/08\/logo-white.svg\",\"width\":202,\"height\":32,\"caption\":\"Praca Ole\u015bnica | #joindebesto\"},\"image\":{\"@id\":\"https:\/\/debesto.com\/joinus\/#\/schema\/logo\/image\/\"}}]}<\/script>\n<!-- \/ Yoast SEO plugin. -->","yoast_head_json":{"title":"Visual Communications Manager | Praca Ole\u015bnica | #joindebesto","description":"Poszukujemy do\u015bwiadczonej i pe\u0142nej pasji osoby, kt\u00f3ra przejmie ca\u0142kowit\u0105 odpowiedzialno\u015b\u0107 za obszar komunikacji wizualnej debesto i zadba o jej sp\u00f3jno\u015b\u0107 i atrakcyjno\u015b\u0107 dla klient\u00f3w, pracownik\u00f3w i dostawc\u00f3w.","robots":{"index":"index","follow":"follow","max-snippet":"max-snippet:-1","max-image-preview":"max-image-preview:large","max-video-preview":"max-video-preview:-1"},"canonical":"https:\/\/debesto.com\/joinus\/oferty-pracy\/visual-communications-manager\/","og_locale":"pl_PL","og_type":"article","og_title":"Visual Communications Manager | Praca Ole\u015bnica | #joindebesto","og_description":"Poszukujemy do\u015bwiadczonej i pe\u0142nej pasji osoby, kt\u00f3ra przejmie ca\u0142kowit\u0105 odpowiedzialno\u015b\u0107 za obszar komunikacji wizualnej debesto i zadba o jej sp\u00f3jno\u015b\u0107 i atrakcyjno\u015b\u0107 dla klient\u00f3w, pracownik\u00f3w i dostawc\u00f3w.","og_url":"https:\/\/debesto.com\/joinus\/oferty-pracy\/visual-communications-manager\/","og_site_name":"Ambitna praca w Ole\u015bnicy","article_modified_time":"2025-12-22T14:32:39+00:00","twitter_card":"summary_large_image","twitter_misc":{"Szacowany czas czytania":"4 minuty"},"schema":{"@context":"https:\/\/schema.org","@graph":[{"@type":"WebPage","@id":"https:\/\/debesto.com\/joinus\/oferty-pracy\/visual-communications-manager\/","url":"https:\/\/debesto.com\/joinus\/oferty-pracy\/visual-communications-manager\/","name":"Visual Communications Manager | Praca Ole\u015bnica | #joindebesto","isPartOf":{"@id":"https:\/\/debesto.com\/joinus\/#website"},"datePublished":"2024-03-07T08:22:16+00:00","dateModified":"2025-12-22T14:32:39+00:00","description":"Poszukujemy do\u015bwiadczonej i pe\u0142nej pasji osoby, kt\u00f3ra przejmie ca\u0142kowit\u0105 odpowiedzialno\u015b\u0107 za obszar komunikacji wizualnej debesto i zadba o jej sp\u00f3jno\u015b\u0107 i atrakcyjno\u015b\u0107 dla klient\u00f3w, pracownik\u00f3w i dostawc\u00f3w.","breadcrumb":{"@id":"https:\/\/debesto.com\/joinus\/oferty-pracy\/visual-communications-manager\/#breadcrumb"},"inLanguage":"pl-PL","potentialAction":[{"@type":"ReadAction","target":["https:\/\/debesto.com\/joinus\/oferty-pracy\/visual-communications-manager\/"]}]},{"@type":"BreadcrumbList","@id":"https:\/\/debesto.com\/joinus\/oferty-pracy\/visual-communications-manager\/#breadcrumb","itemListElement":[{"@type":"ListItem","position":1,"name":"Strona g\u0142\u00f3wna","item":"https:\/\/debesto.com\/joinus\/"},{"@type":"ListItem","position":2,"name":"oferty pracy","item":"https:\/\/debesto.com\/joinus\/oferty-pracy\/"},{"@type":"ListItem","position":3,"name":"marketing","item":"https:\/\/debesto.com\/joinus\/nasze-dzialy\/marketing\/"},{"@type":"ListItem","position":4,"name":"Visual Communications Manager"}]},{"@type":"WebSite","@id":"https:\/\/debesto.com\/joinus\/#website","url":"https:\/\/debesto.com\/joinus\/","name":"Praca Ole\u015bnica | #joindebesto","description":"#joindebesto","publisher":{"@id":"https:\/\/debesto.com\/joinus\/#organization"},"potentialAction":[{"@type":"SearchAction","target":{"@type":"EntryPoint","urlTemplate":"https:\/\/debesto.com\/joinus\/?s={search_term_string}"},"query-input":"required name=search_term_string"}],"inLanguage":"pl-PL"},{"@type":"Organization","@id":"https:\/\/debesto.com\/joinus\/#organization","name":"Praca Ole\u015bnica | #joindebesto","url":"https:\/\/debesto.com\/joinus\/","logo":{"@type":"ImageObject","inLanguage":"pl-PL","@id":"https:\/\/debesto.com\/joinus\/#\/schema\/logo\/image\/","url":"https:\/\/debesto.com\/joinus\/wp-content\/uploads\/2022\/08\/logo-white.svg","contentUrl":"https:\/\/debesto.com\/joinus\/wp-content\/uploads\/2022\/08\/logo-white.svg","width":202,"height":32,"caption":"Praca Ole\u015bnica | #joindebesto"},"image":{"@id":"https:\/\/debesto.com\/joinus\/#\/schema\/logo\/image\/"}}]}},"_links":{"self":[{"href":"https:\/\/debesto.com\/joinus\/wp-json\/wp\/v2\/oferty-pracy\/4568","targetHints":{"allow":["GET"]}}],"collection":[{"href":"https:\/\/debesto.com\/joinus\/wp-json\/wp\/v2\/oferty-pracy"}],"about":[{"href":"https:\/\/debesto.com\/joinus\/wp-json\/wp\/v2\/types\/oferty-pracy"}],"version-history":[{"count":11,"href":"https:\/\/debesto.com\/joinus\/wp-json\/wp\/v2\/oferty-pracy\/4568\/revisions"}],"predecessor-version":[{"id":53078,"href":"https:\/\/debesto.com\/joinus\/wp-json\/wp\/v2\/oferty-pracy\/4568\/revisions\/53078"}],"wp:attachment":[{"href":"https:\/\/debesto.com\/joinus\/wp-json\/wp\/v2\/media?parent=4568"}],"wp:term":[{"taxonomy":"kategorie_ofert","embeddable":true,"href":"https:\/\/debesto.com\/joinus\/wp-json\/wp\/v2\/kategorie_ofert?post=4568"},{"taxonomy":"nasze_dzialy","embeddable":true,"href":"https:\/\/debesto.com\/joinus\/wp-json\/wp\/v2\/nasze_dzialy?post=4568"}],"curies":[{"name":"wp","href":"https:\/\/api.w.org\/{rel}","templated":true}]}}